{"id":89,"date":"2022-11-07T18:25:16","date_gmt":"2022-11-07T17:25:16","guid":{"rendered":"https:\/\/www.pocketjazztrio.com\/?page_id=89"},"modified":"2026-04-24T10:09:45","modified_gmt":"2026-04-24T08:09:45","slug":"band","status":"publish","type":"page","link":"https:\/\/www.pocketjazztrio.com\/en\/band\/","title":{"rendered":"Band"},"content":{"rendered":"<!--themify_builder_content-->\n<div id=\"themify_builder_content-89\" data-postid=\"89\" class=\"themify_builder_content themify_builder_content-89 themify_builder tf_clear\">\n                    <div  data-css_id=\"i5f9238\" data-lazy=\"1\" class=\"module_row themify_builder_row fullwidth tb_i5f9238 tb_first tf_w\">\n                        <div class=\"row_inner col_align_top tb_col_count_1 tf_box tf_rel\">\n                        <div  data-lazy=\"1\" class=\"module_column tb-column col-full tb_sqdx238 first\">\n                    <!-- module fancy heading -->\n<div  class=\"module module-fancy-heading tb_el8c238\" data-lazy=\"1\">\n        <h1 class=\"fancy-heading tf_textl\">\n    <span class=\"main-head tf_block\">\n                    The Band            <\/span>\n\n    \n    <span class=\"sub-head tf_block tf_rel\">\n                    One... two... three...!!!            <\/span>\n    <\/h1>\n<\/div>\n<!-- \/module fancy heading -->\n        <\/div>\n                        <\/div>\n        <\/div>\n                        <div  data-css_id=\"46n6876\" data-lazy=\"1\" class=\"module_row themify_builder_row fullwidth tb_46n6876 tf_w\">\n                        <div class=\"row_inner col_align_top tb_col_count_2 tf_box tf_rel\">\n                        <div  data-lazy=\"1\" class=\"module_column tb-column tb_pct0876 first\">\n                    <!-- module text -->\n<div  class=\"module module-text tb_4rmy876\" data-lazy=\"1\">\n        <div  class=\"tb_text_wrap\">\n        <h3>Andreas Kunert\u00a0 |\u00a0 Drums<\/h3>    <\/div>\n<\/div>\n<!-- \/module text --><!-- module text -->\n<div  class=\"module module-text tb_vcip876\" data-lazy=\"1\">\n        <div  class=\"tb_text_wrap\">\n        <div class=\"wpb_column vc_column_container vc_col-sm-4\">\n<div class=\"vc_column-inner\">\n<div class=\"wpb_wrapper\">\n<div class=\"team-box text-center style-circle style-grayscale wpb_animate_when_almost_visible wpb_appear wpb_start_animation animated\">\n<p>Jazz drummer from Berlin. He launched the bebop band \u201cChessmates\u201d and the \u201cYusef Lateef Tribute Project\u201d at a young age. Andreas, being the powerhouse of the big bands \u201cBlue Babas NOW!\u201d, \u201cBlue Baba Swing Big Band\u201d and \u201cJive Park\u201d, shaped their sound for years before he began to dedicate himself to smaller line-ups. He toured Germany, Belgium and the Netherlands together with the singer Marith\u00e9 Van der Aa in the contemporary jazz group \u201cfabula\u201d, played numerous concerts and won competitions abroad in this line-up. Many of his own compositions found their way into the songbook of this successful band.<\/p>\n<p>Andreas has committed himself to jazz music from very early on. While playing sensitively with brushes and sticks, he is always curious and attentive of a new musical situation, but never forgets to swing when the music calls for it! He names the Ray Brown Trio, Oscar Peterson Trio and the Count Basie Big Band as the biggest influences on him.<\/p>\n<\/div>\n<\/div>\n<\/div>\n<\/div>    <\/div>\n<\/div>\n<!-- \/module text -->        <\/div>\n                    <div  data-lazy=\"1\" class=\"module_column tb-column tb_5m1e876 last\">\n        <span class=\"tb_row_frame_wrap tf_overflow tf_abs\" data-lazy=\"1\"><span class=\"tb_row_frame tb_row_frame_top in_front tf_abs tf_hide tf_overflow tf_w\"><\/span><span class=\"tb_row_frame tb_row_frame_bottom in_front tf_abs tf_hide tf_overflow tf_w\"><\/span><span class=\"tb_row_frame tb_row_frame_right in_front tf_abs tf_hide tf_overflow tf_h\"><\/span><\/span>            <!-- module image -->\n<div  class=\"module module-image tb_7tyn877 image-top   tf_mw\" data-lazy=\"1\">\n        <div class=\"image-wrap tf_rel tf_mw\">\n            <img loading=\"lazy\" decoding=\"async\" width=\"1332\" height=\"2000\" src=\"https:\/\/www.pocketjazztrio.com\/wp-content\/uploads\/2022\/11\/Andreas_Kunert_1.jpg\" class=\"wp-post-image wp-image-92\" title=\"Andreas Kunert\" alt=\"Andreas Kunert\" srcset=\"https:\/\/www.pocketjazztrio.com\/wp-content\/uploads\/2022\/11\/Andreas_Kunert_1.jpg 1332w, https:\/\/www.pocketjazztrio.com\/wp-content\/uploads\/2022\/11\/Andreas_Kunert_1-200x300.jpg 200w, https:\/\/www.pocketjazztrio.com\/wp-content\/uploads\/2022\/11\/Andreas_Kunert_1-1066x1600.jpg 1066w, https:\/\/www.pocketjazztrio.com\/wp-content\/uploads\/2022\/11\/Andreas_Kunert_1-768x1153.jpg 768w, https:\/\/www.pocketjazztrio.com\/wp-content\/uploads\/2022\/11\/Andreas_Kunert_1-1023x1536.jpg 1023w\" sizes=\"auto, (max-width: 1332px) 100vw, 1332px\" \/>    \n        <\/div>\n    <!-- \/image-wrap -->\n    \n        <\/div>\n<!-- \/module image -->        <\/div>\n                        <\/div>\n        <\/div>\n                        <div  data-css_id=\"a7un572\" data-lazy=\"1\" class=\"module_row themify_builder_row fullwidth tb_a7un572 tf_w\">\n                        <div class=\"row_inner col_align_top tb_col_count_2 tf_box tf_rel\">\n                        <div  data-lazy=\"1\" class=\"module_column tb-column tb_sb96572 first\">\n        <span class=\"tb_row_frame_wrap tf_overflow tf_abs\" data-lazy=\"1\"><span class=\"tb_row_frame tb_row_frame_top in_front tf_abs tf_hide tf_overflow tf_w\"><\/span><span class=\"tb_row_frame tb_row_frame_bottom in_front tf_abs tf_hide tf_overflow tf_w\"><\/span><span class=\"tb_row_frame tb_row_frame_right in_front tf_abs tf_hide tf_overflow tf_h\"><\/span><\/span>            <!-- module image -->\n<div  class=\"module module-image tb_lxyb572 image-top   tf_mw\" data-lazy=\"1\">\n        <div class=\"image-wrap tf_rel tf_mw\">\n            <img loading=\"lazy\" decoding=\"async\" width=\"1328\" height=\"2000\" src=\"https:\/\/www.pocketjazztrio.com\/wp-content\/uploads\/2022\/11\/Daniel_Schwarzwald_1.jpg\" class=\"wp-post-image wp-image-94\" title=\"Daniel Schwarzwald\" alt=\"Daniel Schwarzwald\" srcset=\"https:\/\/www.pocketjazztrio.com\/wp-content\/uploads\/2022\/11\/Daniel_Schwarzwald_1.jpg 1328w, https:\/\/www.pocketjazztrio.com\/wp-content\/uploads\/2022\/11\/Daniel_Schwarzwald_1-199x300.jpg 199w, https:\/\/www.pocketjazztrio.com\/wp-content\/uploads\/2022\/11\/Daniel_Schwarzwald_1-1062x1600.jpg 1062w, https:\/\/www.pocketjazztrio.com\/wp-content\/uploads\/2022\/11\/Daniel_Schwarzwald_1-768x1157.jpg 768w, https:\/\/www.pocketjazztrio.com\/wp-content\/uploads\/2022\/11\/Daniel_Schwarzwald_1-1020x1536.jpg 1020w\" sizes=\"auto, (max-width: 1328px) 100vw, 1328px\" \/>    \n        <\/div>\n    <!-- \/image-wrap -->\n    \n        <\/div>\n<!-- \/module image -->        <\/div>\n                    <div  data-lazy=\"1\" class=\"module_column tb-column tb_3t52572 last\">\n                    <!-- module text -->\n<div  class=\"module module-text tb_8ugz573\" data-lazy=\"1\">\n        <div  class=\"tb_text_wrap\">\n        <h3>Daniel Schwarzwald\u00a0 |\u00a0 Piano<\/h3>    <\/div>\n<\/div>\n<!-- \/module text --><!-- module text -->\n<div  class=\"module module-text tb_ot2a573\" data-lazy=\"1\">\n        <div  class=\"tb_text_wrap\">\n        <p>Israeli pianist and composer. Daniel first studied Classical piano and composition at the \"Jerusalem Academy of Music &amp; Dance\", but, with Omri Mor, <span class=\"color_16\">Itai Rosenbaum, Slava Ganelin and Shoshana Cohen<\/span> found his way into Jazz. In the multicultural city of Berlin, he recorded several different solo and duo albums \"<span class=\"color_16\">My Journey to Venus<\/span>\" and \"First Meeting\" (with Julia Bilat, cello) and met Andreas on stage at jam session. He toured with him in the band fabula, played concerts in clubs and at Jazz festivals in the whole of Europe and, for example, USA, Israel, South Korea, Dominican Republic.<\/p>\n<p>Daniel draws influences from Jazz and Swing, together with World Music and Tango, Jewish dance music He brings this music to life in a very personal way and expresses it through the original language of his emotional playing and his complex compositions. He masters every Swing clich\u00e9 and never ceases  to surprise his audience, always with a smile on his face...<\/p>    <\/div>\n<\/div>\n<!-- \/module text --><!-- module text -->\n<div  class=\"module module-text tb_02kx573\" data-lazy=\"1\">\n        <div  class=\"tb_text_wrap\">\n        <div>More information about Daniel Schwarzwald:<\/div>\n<div><a href=\"https:\/\/www.danielschwarzwald.com\/\">www.danielschwarzwald.com<\/a><\/div>    <\/div>\n<\/div>\n<!-- \/module text -->        <\/div>\n                        <\/div>\n        <\/div>\n                        <div  data-css_id=\"114r289\" data-lazy=\"1\" class=\"module_row themify_builder_row fullwidth tb_114r289 tf_w\">\n                        <div class=\"row_inner col_align_top tb_col_count_2 tf_box tf_rel\">\n                        <div  data-lazy=\"1\" class=\"module_column tb-column tb_rlh5290 first\">\n                    <!-- module text -->\n<div  class=\"module module-text tb_lklp290\" data-lazy=\"1\">\n        <div  class=\"tb_text_wrap\">\n        <h3>Roz Macdonald  |  Double Bass<\/h3>    <\/div>\n<\/div>\n<!-- \/module text --><!-- module text -->\n<div  class=\"module module-text tb_pjib290\" data-lazy=\"1\">\n        <div  class=\"tb_text_wrap\">\n        <p>Roz Macdonald is a Scottish double bass player, currently based in Berlin, Germany. She studied at Leeds College of Music where she received the Yamaha Jazz Scholarship for outstanding musicians. Since graduating, she has had the opportunity to study and work with some prestigious jazz musicians including Scott Hamilton, Bruce Barth, Perico Sambeat and Ren\u00e9 Marie. Since moving to Berlin, Roz has been actively playing concerts, composing and teaching on the vibrant jazz scene as both a side-woman and with her own projects.<\/p>\n<p>Her warm, inventive and at the same time precise, experienced and uncompromisingly swinging playing is a real exception in the jazz landscape. Through her tasteful improvisation full of excitement and surprise Roz gives her audience an unforgettable experience every time she plays.<\/p>    <\/div>\n<\/div>\n<!-- \/module text --><!-- module text -->\n<div  class=\"module module-text tb_00c1290\" data-lazy=\"1\">\n        <div  class=\"tb_text_wrap\">\n        <div>More information about Roz Macdonald:<\/div>\n<div><a href=\"https:\/\/www.rozmacdonaldmusic.com\/\">www.rozmacdonaldmusic.com<\/a><\/div>    <\/div>\n<\/div>\n<!-- \/module text -->        <\/div>\n                    <div  data-lazy=\"1\" class=\"module_column tb-column tb_q90q290 last\">\n        <span class=\"tb_row_frame_wrap tf_overflow tf_abs\" data-lazy=\"1\"><span class=\"tb_row_frame tb_row_frame_top in_front tf_abs tf_hide tf_overflow tf_w\"><\/span><span class=\"tb_row_frame tb_row_frame_left in_front tf_abs tf_hide tf_overflow tf_h\"><\/span><span class=\"tb_row_frame tb_row_frame_right in_front tf_abs tf_hide tf_overflow tf_h\"><\/span><\/span>            <!-- module image -->\n<div  class=\"module module-image tb_1c0e290 image-top   tf_mw\" data-lazy=\"1\">\n        <div class=\"image-wrap tf_rel tf_mw\">\n            <img loading=\"lazy\" decoding=\"async\" width=\"1329\" height=\"2000\" src=\"https:\/\/www.pocketjazztrio.com\/wp-content\/uploads\/2022\/11\/Roz_Macdonald_1.jpg\" class=\"wp-post-image wp-image-96\" title=\"Roz Macdonald\" alt=\"Roz Macdonald\" srcset=\"https:\/\/www.pocketjazztrio.com\/wp-content\/uploads\/2022\/11\/Roz_Macdonald_1.jpg 1329w, https:\/\/www.pocketjazztrio.com\/wp-content\/uploads\/2022\/11\/Roz_Macdonald_1-199x300.jpg 199w, https:\/\/www.pocketjazztrio.com\/wp-content\/uploads\/2022\/11\/Roz_Macdonald_1-1063x1600.jpg 1063w, https:\/\/www.pocketjazztrio.com\/wp-content\/uploads\/2022\/11\/Roz_Macdonald_1-768x1156.jpg 768w, https:\/\/www.pocketjazztrio.com\/wp-content\/uploads\/2022\/11\/Roz_Macdonald_1-1021x1536.jpg 1021w\" sizes=\"auto, (max-width: 1329px) 100vw, 1329px\" \/>    \n        <\/div>\n    <!-- \/image-wrap -->\n    \n        <\/div>\n<!-- \/module image -->        <\/div>\n                        <\/div>\n        <\/div>\n                        <div  data-css_id=\"0vyn354\" data-lazy=\"1\" class=\"module_row themify_builder_row fullwidth tb_0vyn354 tf_w\">\n                        <div class=\"row_inner col_align_top tb_col_count_1 tf_box tf_rel\">\n                        <div  data-lazy=\"1\" class=\"module_column tb-column col-full tb_wmnp354 first\">\n                    <!-- module text -->\n<div  class=\"module module-text tb_myjd354\" data-lazy=\"1\">\n        <div  class=\"tb_text_wrap\">\n        <h3>You like what you have heard and seen from the band and are interested in booking?<\/h3>    <\/div>\n<\/div>\n<!-- \/module text --><!-- module text -->\n<div  class=\"module module-text tb_rjl7355\" data-lazy=\"1\">\n        <div  class=\"tb_text_wrap\">\n        <p>Wonderful. Then ask the band now for an offer without obligation and tell us what you want for your event and the POCKET JAZZ TRIO will also captivate you and your audience with their music!<\/p>    <\/div>\n<\/div>\n<!-- \/module text --><!-- module buttons -->\n<div  class=\"module module-buttons tb_2okz818 buttons-horizontal solid  xlarge circle\" data-lazy=\"1\">\n        <div class=\"module-buttons-item tf_in_flx\">\n                        <a href=\"https:\/\/www.pocketjazztrio.com\/en\/contact-2\/\" class=\"ui builder_button tf_in_flx transparent\" >\n                                                Contact us!                                        <\/a>\n                <\/div>\n            <\/div>\n<!-- \/module buttons -->\n        <\/div>\n                        <\/div>\n        <\/div>\n                        <div  data-css_id=\"94g8587\" data-lazy=\"1\" class=\"module_row themify_builder_row fullwidth tb_94g8587 tf_w\">\n                        <div class=\"row_inner col_align_top tb_col_count_1 tf_box tf_rel\">\n                        <div  data-lazy=\"1\" class=\"module_column tb-column col-full tb_t3ky588 first\">\n                    <!-- module fancy heading -->\n<div  class=\"module module-fancy-heading tb_bym2588\" data-lazy=\"1\">\n        <h2 class=\"fancy-heading tf_textl\">\n    <span class=\"main-head tf_block\">\n                    Some of our Friends...            <\/span>\n\n    \n    <span class=\"sub-head tf_block tf_rel\">\n                    Four... five... six...!!!            <\/span>\n    <\/h2>\n<\/div>\n<!-- \/module fancy heading -->\n        <\/div>\n                        <\/div>\n        <\/div>\n                        <div  data-css_id=\"syg0484\" data-lazy=\"1\" class=\"module_row themify_builder_row fullwidth tb_syg0484 tf_w\">\n                        <div class=\"row_inner col_align_top tb_col_count_2 tf_box tf_rel\">\n                        <div  data-lazy=\"1\" class=\"module_column tb-column tb_sk0q484 first\">\n        <span class=\"tb_row_frame_wrap tf_overflow tf_abs\" data-lazy=\"1\"><span class=\"tb_row_frame tb_row_frame_top  tf_abs tf_hide tf_overflow tf_w\"><\/span><span class=\"tb_row_frame tb_row_frame_bottom  tf_abs tf_hide tf_overflow tf_w\"><\/span><span class=\"tb_row_frame tb_row_frame_left in_front tf_abs tf_hide tf_overflow tf_h\"><\/span><span class=\"tb_row_frame tb_row_frame_right in_front tf_abs tf_hide tf_overflow tf_h\"><\/span><\/span>            <!-- module image -->\n<div  class=\"module module-image tb_cmzt484 image-top   tf_mw\" data-lazy=\"1\">\n        <div class=\"image-wrap tf_rel tf_mw\">\n            <img loading=\"lazy\" decoding=\"async\" width=\"1500\" height=\"1080\" src=\"https:\/\/www.pocketjazztrio.com\/wp-content\/uploads\/2022\/11\/Marithe_Van_der_Aa_1.jpg\" class=\"wp-post-image wp-image-99\" title=\"Marithe Van der Aa\" alt=\"Marithe Van der Aa\" srcset=\"https:\/\/www.pocketjazztrio.com\/wp-content\/uploads\/2022\/11\/Marithe_Van_der_Aa_1.jpg 1500w, https:\/\/www.pocketjazztrio.com\/wp-content\/uploads\/2022\/11\/Marithe_Van_der_Aa_1-300x216.jpg 300w, https:\/\/www.pocketjazztrio.com\/wp-content\/uploads\/2022\/11\/Marithe_Van_der_Aa_1-768x553.jpg 768w\" sizes=\"auto, (max-width: 1500px) 100vw, 1500px\" \/>    \n        <\/div>\n    <!-- \/image-wrap -->\n    \n        <\/div>\n<!-- \/module image -->        <\/div>\n                    <div  data-lazy=\"1\" class=\"module_column tb-column tb_s8it485 last\">\n                    <!-- module text -->\n<div  class=\"module module-text tb_goh5485\" data-lazy=\"1\">\n        <div  class=\"tb_text_wrap\">\n        <h3>Marith\u00e9 Van der Aa  |  Vocals<\/h3>    <\/div>\n<\/div>\n<!-- \/module text --><!-- module text -->\n<div  class=\"module module-text tb_gy2x485\" data-lazy=\"1\">\n        <div  class=\"tb_text_wrap\">\n        <div class=\"wpb_column vc_column_container vc_col-sm-4\">\n<div class=\"vc_column-inner\">\n<div class=\"wpb_wrapper\">\n<div class=\"team-box text-center style-circle style-grayscale wpb_animate_when_almost_visible wpb_appear wpb_start_animation animated\">\n<p>Flemish jazz singer. She studied with Judy Niemack and Greg Cohen at the Jazz Institut Berlin, after which she was awarded a master\u2019s degree in musicology at the University of Oxford. After working for BBC Radio 3 for a year, she now sings in various different settings and projects, and mentors aspiring conservatoire students who are in the process of auditions.<\/p>\n<p>Her voice has been described as \u201cliquid\n gold\u201d by those that have heard her sing, \u201cas if being hugged by a long lost loved one\u201d. With her large dynamic range, she is always able to touch and draw in the audience. A long history together in Berlin as well as numerous competitions and tours through Europe connects Marith\u00e9 and her band members.\u00a0 \u00a0<\/p>\n<\/div>\n<\/div>\n<\/div>\n<\/div>    <\/div>\n<\/div>\n<!-- \/module text --><!-- module text -->\n<div  class=\"module module-text tb_squm485\" data-lazy=\"1\">\n        <div  class=\"tb_text_wrap\">\n        <div>More information about Marith\u00e9 Van der Aa:<\/div>\n<div><a href=\"http:\/\/marithevanderaa.com\/\">www.marithevanderaa.com<\/a><\/div>    <\/div>\n<\/div>\n<!-- \/module text -->        <\/div>\n                        <\/div>\n        <\/div>\n                        <div  data-css_id=\"3dcr583\" data-lazy=\"1\" class=\"module_row themify_builder_row fullwidth tb_3dcr583 tf_w\">\n                        <div class=\"row_inner col_align_top tb_col_count_2 tf_box tf_rel\">\n                        <div  data-lazy=\"1\" class=\"module_column tb-column tb_d5a5583 first\">\n        <span class=\"tb_row_frame_wrap tf_overflow tf_abs\" data-lazy=\"1\"><span class=\"tb_row_frame tb_row_frame_top in_front tf_abs tf_hide tf_overflow tf_w\"><\/span><span class=\"tb_row_frame tb_row_frame_left in_front tf_abs tf_hide tf_overflow tf_h\"><\/span><\/span>            <!-- module image -->\n<div  class=\"module module-image tb_e83w583 image-top   tf_mw\" data-lazy=\"1\">\n        <div class=\"image-wrap tf_rel tf_mw\">\n            <img loading=\"lazy\" decoding=\"async\" width=\"1140\" height=\"835\" src=\"https:\/\/www.pocketjazztrio.com\/wp-content\/uploads\/2022\/11\/Gabriel_Rosenbach_1.jpg\" class=\"wp-post-image wp-image-100\" title=\"Gabriel Rosenbach\" alt=\"Gabriel Rosenbach\" srcset=\"https:\/\/www.pocketjazztrio.com\/wp-content\/uploads\/2022\/11\/Gabriel_Rosenbach_1.jpg 1140w, https:\/\/www.pocketjazztrio.com\/wp-content\/uploads\/2022\/11\/Gabriel_Rosenbach_1-300x220.jpg 300w, https:\/\/www.pocketjazztrio.com\/wp-content\/uploads\/2022\/11\/Gabriel_Rosenbach_1-768x563.jpg 768w\" sizes=\"auto, (max-width: 1140px) 100vw, 1140px\" \/>    \n        <\/div>\n    <!-- \/image-wrap -->\n    \n        <\/div>\n<!-- \/module image -->        <\/div>\n                    <div  data-lazy=\"1\" class=\"module_column tb-column tb_lm0n584 last\">\n                    <!-- module text -->\n<div  class=\"module module-text tb_99f8584\" data-lazy=\"1\">\n        <div  class=\"tb_text_wrap\">\n        <h3>Gabriel Rosenbach  |  Trumpet<\/h3>    <\/div>\n<\/div>\n<!-- \/module text --><!-- module text -->\n<div  class=\"module module-text tb_u3g3584\" data-lazy=\"1\">\n        <div  class=\"tb_text_wrap\">\n        <div class=\"wpb_column vc_column_container vc_col-sm-4\">\n<div class=\"vc_column-inner\">\n<div class=\"wpb_wrapper\">\n<div class=\"team-box text-center style-circle style-grayscale wpb_animate_when_almost_visible wpb_appear wpb_start_animation animated\">\n<p>Berlin jazz trumpet and fluegelhorn player. He studied with <span class=\"tojvnm2t a6sixzi8 abs2jz4q a8s20v7p t1p8iaqh k5wvi7nf q3lfd5jv pk4s997a bipmatt0 cebpdrjk qowsmv63 owwhemhu dp1hu0rb dhp61c6y iyyx5f41\">Sebastian Studnitzky in Dresden and Axel Schlosser in Mainz. <\/span>Gabriel journeys a lot, in the literal sense but also stylistically. <span class=\"tojvnm2t a6sixzi8 abs2jz4q a8s20v7p t1p8iaqh k5wvi7nf q3lfd5jv pk4s997a bipmatt0 cebpdrjk qowsmv63 owwhemhu dp1hu0rb dhp61c6y iyyx5f41\">Seemingly effortlessly, he plays atmospheric modern jazz with the Hans Anselm Quintet one night, Afro-Dub-Funk in the horn section of the band \"WANUBAL\u00c9\" the next, before finally free big band music with the Pascal Klewer Big Band is on the calendar. In POCKET JAZZ TRIO &amp; friends, he comes home... to timeless Classic Jazz. And you can feel it.<br><\/span><\/p>\n<p><span class=\"tojvnm2t a6sixzi8 abs2jz4q a8s20v7p t1p8iaqh k5wvi7nf q3lfd5jv pk4s997a bipmatt0 cebpdrjk qowsmv63 owwhemhu dp1hu0rb dhp61c6y iyyx5f41\">Gabriel is versatile like few other musicans and manages, night after night, to feel into the unique character of every music genre and make it his own. His sense of timing and phrasing and his intuition to be present in the right moment, with the right intensity and timbre evoke a kind of magic, the audience can hardly resist.<br><\/span><\/p>\n<\/div>\n<\/div>\n<\/div>\n<\/div>    <\/div>\n<\/div>\n<!-- \/module text -->        <\/div>\n                        <\/div>\n        <\/div>\n                        <div  data-css_id=\"li5l688\" data-lazy=\"1\" class=\"module_row themify_builder_row fullwidth tb_li5l688 tf_w\">\n                        <div class=\"row_inner col_align_top tb_col_count_1 tf_box tf_rel\">\n                        <div  data-lazy=\"1\" class=\"module_column tb-column col-full tb_xgj8689 first\">\n                    <!-- module divider -->\n<div  class=\"module tf_mw module-divider tb_el8z689 dashed  divider-custom divider-center\" style=\"border-width: 1px;border-color: #f6a714;margin-top: 69px;width: 500px;\" data-lazy=\"1\">\n    <\/div>\n<!-- \/module divider -->\n        <\/div>\n                        <\/div>\n        <\/div>\n        <\/div>\n<!--\/themify_builder_content-->","protected":false},"excerpt":{"rendered":"<p>Andreas Kunert\u00a0 |\u00a0 Drums<\/p>","protected":false},"author":2,"featured_media":0,"parent":0,"menu_order":0,"comment_status":"closed","ping_status":"closed","template":"","meta":{"footnotes":""},"class_list":["post-89","page","type-page","status-publish","hentry","has-post-title","has-post-date","has-post-category","has-post-tag","has-post-comment","has-post-author",""],"yoast_head":"<!-- This site is optimized with the Yoast SEO plugin v27.5 - https:\/\/yoast.com\/product\/yoast-seo-wordpress\/ -->\n<title>Band | POCKET JAZZ TRIO<\/title>\n<meta name=\"robots\" content=\"index, follow, max-snippet:-1, max-image-preview:large, max-video-preview:-1\" \/>\n<link rel=\"canonical\" href=\"https:\/\/www.pocketjazztrio.com\/en\/band\/\" \/>\n<meta property=\"og:locale\" content=\"en_GB\" \/>\n<meta property=\"og:type\" content=\"article\" \/>\n<meta property=\"og:title\" content=\"Band | POCKET JAZZ TRIO\" \/>\n<meta property=\"og:description\" content=\"Andreas Kunert\u00a0 |\u00a0 Schlagzeug\" \/>\n<meta property=\"og:url\" content=\"https:\/\/www.pocketjazztrio.com\/en\/band\/\" \/>\n<meta property=\"og:site_name\" content=\"POCKET JAZZ TRIO\" \/>\n<meta property=\"article:publisher\" content=\"https:\/\/www.facebook.com\/pocketjazztrioandfriends\/\" \/>\n<meta property=\"article:modified_time\" content=\"2026-04-24T08:09:45+00:00\" \/>\n<meta property=\"og:image\" content=\"https:\/\/www.pocketjazztrio.com\/wp-content\/uploads\/2022\/11\/Andreas_Kunert_1.jpg\" \/>\n\t<meta property=\"og:image:width\" content=\"1332\" \/>\n\t<meta property=\"og:image:height\" content=\"2000\" \/>\n\t<meta property=\"og:image:type\" content=\"image\/jpeg\" \/>\n<meta name=\"twitter:card\" content=\"summary_large_image\" \/>\n<script type=\"application\/ld+json\" class=\"yoast-schema-graph\">{\"@context\":\"https:\\\/\\\/schema.org\",\"@graph\":[{\"@type\":\"WebPage\",\"@id\":\"https:\\\/\\\/www.pocketjazztrio.com\\\/band\\\/\",\"url\":\"https:\\\/\\\/www.pocketjazztrio.com\\\/band\\\/\",\"name\":\"Band | POCKET JAZZ TRIO\",\"isPartOf\":{\"@id\":\"https:\\\/\\\/www.pocketjazztrio.com\\\/#website\"},\"primaryImageOfPage\":{\"@id\":\"https:\\\/\\\/www.pocketjazztrio.com\\\/band\\\/#primaryimage\"},\"image\":{\"@id\":\"https:\\\/\\\/www.pocketjazztrio.com\\\/band\\\/#primaryimage\"},\"thumbnailUrl\":\"https:\\\/\\\/www.pocketjazztrio.com\\\/wp-content\\\/uploads\\\/2022\\\/11\\\/Andreas_Kunert_1.jpg\",\"datePublished\":\"2022-11-07T17:25:16+00:00\",\"dateModified\":\"2026-04-24T08:09:45+00:00\",\"breadcrumb\":{\"@id\":\"https:\\\/\\\/www.pocketjazztrio.com\\\/band\\\/#breadcrumb\"},\"inLanguage\":\"en-GB\",\"potentialAction\":[{\"@type\":\"ReadAction\",\"target\":[\"https:\\\/\\\/www.pocketjazztrio.com\\\/band\\\/\"]}]},{\"@type\":\"ImageObject\",\"inLanguage\":\"en-GB\",\"@id\":\"https:\\\/\\\/www.pocketjazztrio.com\\\/band\\\/#primaryimage\",\"url\":\"https:\\\/\\\/www.pocketjazztrio.com\\\/wp-content\\\/uploads\\\/2022\\\/11\\\/Andreas_Kunert_1.jpg\",\"contentUrl\":\"https:\\\/\\\/www.pocketjazztrio.com\\\/wp-content\\\/uploads\\\/2022\\\/11\\\/Andreas_Kunert_1.jpg\"},{\"@type\":\"BreadcrumbList\",\"@id\":\"https:\\\/\\\/www.pocketjazztrio.com\\\/band\\\/#breadcrumb\",\"itemListElement\":[{\"@type\":\"ListItem\",\"position\":1,\"name\":\"Startseite\",\"item\":\"https:\\\/\\\/www.pocketjazztrio.com\\\/\"},{\"@type\":\"ListItem\",\"position\":2,\"name\":\"Band\"}]},{\"@type\":\"WebSite\",\"@id\":\"https:\\\/\\\/www.pocketjazztrio.com\\\/#website\",\"url\":\"https:\\\/\\\/www.pocketjazztrio.com\\\/\",\"name\":\"POCKET JAZZ TRIO\",\"description\":\"The Jazz Big Band in a pocket. Small Band. Big Sound.\",\"publisher\":{\"@id\":\"https:\\\/\\\/www.pocketjazztrio.com\\\/#organization\"},\"potentialAction\":[{\"@type\":\"SearchAction\",\"target\":{\"@type\":\"EntryPoint\",\"urlTemplate\":\"https:\\\/\\\/www.pocketjazztrio.com\\\/?s={search_term_string}\"},\"query-input\":{\"@type\":\"PropertyValueSpecification\",\"valueRequired\":true,\"valueName\":\"search_term_string\"}}],\"inLanguage\":\"en-GB\"},{\"@type\":\"Organization\",\"@id\":\"https:\\\/\\\/www.pocketjazztrio.com\\\/#organization\",\"name\":\"POCKET JAZZ TRIO\",\"url\":\"https:\\\/\\\/www.pocketjazztrio.com\\\/\",\"logo\":{\"@type\":\"ImageObject\",\"inLanguage\":\"en-GB\",\"@id\":\"https:\\\/\\\/www.pocketjazztrio.com\\\/#\\\/schema\\\/logo\\\/image\\\/\",\"url\":\"https:\\\/\\\/www.pocketjazztrio.com\\\/wp-content\\\/uploads\\\/2022\\\/11\\\/Logo-Web.png\",\"contentUrl\":\"https:\\\/\\\/www.pocketjazztrio.com\\\/wp-content\\\/uploads\\\/2022\\\/11\\\/Logo-Web.png\",\"width\":200,\"height\":200,\"caption\":\"POCKET JAZZ TRIO\"},\"image\":{\"@id\":\"https:\\\/\\\/www.pocketjazztrio.com\\\/#\\\/schema\\\/logo\\\/image\\\/\"},\"sameAs\":[\"https:\\\/\\\/www.facebook.com\\\/pocketjazztrioandfriends\\\/\",\"https:\\\/\\\/www.instagram.com\\\/pocketjazztrio\\\/\",\"https:\\\/\\\/www.youtube.com\\\/channel\\\/UC38ypgsY0fKSCVB5vbIc2qg\"]}]}<\/script>\n<!-- \/ Yoast SEO plugin. -->","yoast_head_json":{"title":"Band | POCKET JAZZ TRIO","robots":{"index":"index","follow":"follow","max-snippet":"max-snippet:-1","max-image-preview":"max-image-preview:large","max-video-preview":"max-video-preview:-1"},"canonical":"https:\/\/www.pocketjazztrio.com\/en\/band\/","og_locale":"en_GB","og_type":"article","og_title":"Band | POCKET JAZZ TRIO","og_description":"Andreas Kunert\u00a0 |\u00a0 Schlagzeug","og_url":"https:\/\/www.pocketjazztrio.com\/en\/band\/","og_site_name":"POCKET JAZZ TRIO","article_publisher":"https:\/\/www.facebook.com\/pocketjazztrioandfriends\/","article_modified_time":"2026-04-24T08:09:45+00:00","og_image":[{"width":1332,"height":2000,"url":"https:\/\/www.pocketjazztrio.com\/wp-content\/uploads\/2022\/11\/Andreas_Kunert_1.jpg","type":"image\/jpeg"}],"twitter_card":"summary_large_image","schema":{"@context":"https:\/\/schema.org","@graph":[{"@type":"WebPage","@id":"https:\/\/www.pocketjazztrio.com\/band\/","url":"https:\/\/www.pocketjazztrio.com\/band\/","name":"Band | POCKET JAZZ TRIO","isPartOf":{"@id":"https:\/\/www.pocketjazztrio.com\/#website"},"primaryImageOfPage":{"@id":"https:\/\/www.pocketjazztrio.com\/band\/#primaryimage"},"image":{"@id":"https:\/\/www.pocketjazztrio.com\/band\/#primaryimage"},"thumbnailUrl":"https:\/\/www.pocketjazztrio.com\/wp-content\/uploads\/2022\/11\/Andreas_Kunert_1.jpg","datePublished":"2022-11-07T17:25:16+00:00","dateModified":"2026-04-24T08:09:45+00:00","breadcrumb":{"@id":"https:\/\/www.pocketjazztrio.com\/band\/#breadcrumb"},"inLanguage":"en-GB","potentialAction":[{"@type":"ReadAction","target":["https:\/\/www.pocketjazztrio.com\/band\/"]}]},{"@type":"ImageObject","inLanguage":"en-GB","@id":"https:\/\/www.pocketjazztrio.com\/band\/#primaryimage","url":"https:\/\/www.pocketjazztrio.com\/wp-content\/uploads\/2022\/11\/Andreas_Kunert_1.jpg","contentUrl":"https:\/\/www.pocketjazztrio.com\/wp-content\/uploads\/2022\/11\/Andreas_Kunert_1.jpg"},{"@type":"BreadcrumbList","@id":"https:\/\/www.pocketjazztrio.com\/band\/#breadcrumb","itemListElement":[{"@type":"ListItem","position":1,"name":"Startseite","item":"https:\/\/www.pocketjazztrio.com\/"},{"@type":"ListItem","position":2,"name":"Band"}]},{"@type":"WebSite","@id":"https:\/\/www.pocketjazztrio.com\/#website","url":"https:\/\/www.pocketjazztrio.com\/","name":"POCKET JAZZ TRIO","description":"The Jazz Big Band in a pocket. Small Band. Big Sound.","publisher":{"@id":"https:\/\/www.pocketjazztrio.com\/#organization"},"potentialAction":[{"@type":"SearchAction","target":{"@type":"EntryPoint","urlTemplate":"https:\/\/www.pocketjazztrio.com\/?s={search_term_string}"},"query-input":{"@type":"PropertyValueSpecification","valueRequired":true,"valueName":"search_term_string"}}],"inLanguage":"en-GB"},{"@type":"Organization","@id":"https:\/\/www.pocketjazztrio.com\/#organization","name":"POCKET JAZZ TRIO","url":"https:\/\/www.pocketjazztrio.com\/","logo":{"@type":"ImageObject","inLanguage":"en-GB","@id":"https:\/\/www.pocketjazztrio.com\/#\/schema\/logo\/image\/","url":"https:\/\/www.pocketjazztrio.com\/wp-content\/uploads\/2022\/11\/Logo-Web.png","contentUrl":"https:\/\/www.pocketjazztrio.com\/wp-content\/uploads\/2022\/11\/Logo-Web.png","width":200,"height":200,"caption":"POCKET JAZZ TRIO"},"image":{"@id":"https:\/\/www.pocketjazztrio.com\/#\/schema\/logo\/image\/"},"sameAs":["https:\/\/www.facebook.com\/pocketjazztrioandfriends\/","https:\/\/www.instagram.com\/pocketjazztrio\/","https:\/\/www.youtube.com\/channel\/UC38ypgsY0fKSCVB5vbIc2qg"]}]}},"builder_content":"<h1>Die Band<br\/>One... two... three...!!!<\/h1>\n<h3>Andreas Kunert\u00a0 |\u00a0 Schlagzeug<\/h3>\n<p>Jazzdrummer aus Berlin. Er rief fr\u00fch u.a. die Bebop-Band \"Chessmates\" und das \"Yusef Lateef Tribute Project\" ins Leben. Den Big Bands \"Blue Babas NOW!\", \"Blue Babas Swing Big Band\" und \"Jive Park\" gab er lange Jahre als Powerhouse seinen Sound, bevor er sich kleineren Besetzungen widmete. Er tourte zusammen mit der S\u00e4ngerin Marith\u00e9 Van der Aa in der zeitgen\u00f6ssischen Jazzformation \"fabula\" durch Deutschland, Belgien und Niederlande, spielte zahlreiche Konzerte und gewann Wettbewerbe in dieser Besetzung. Viele eigene Kompositionen fanden ihren Weg in das Repertoire der erfolgreichen Band.<\/p> <p>Andreas hat sich schon von kleinauf dem Jazz verschrieben. Sein feinf\u00fchliges Spiel mit Sticks und Besen swingt unabl\u00e4ssig, neugierig und stets wachsam f\u00fcr die musikalische Situation. Als seine gr\u00f6\u00dften Einfl\u00fcsse nennt er: Ray Brown Trio, Oscar Peterson Trio, Count Basie Big Band.<\/p>\n<img src=\"https:\/\/www.pocketjazztrio.com\/wp-content\/uploads\/2022\/11\/Andreas_Kunert_1.jpg\" title=\"Andreas Kunert\" alt=\"Andreas Kunert\" srcset=\"https:\/\/www.pocketjazztrio.com\/wp-content\/uploads\/2022\/11\/Andreas_Kunert_1.jpg 1332w, https:\/\/www.pocketjazztrio.com\/wp-content\/uploads\/2022\/11\/Andreas_Kunert_1-200x300.jpg 200w, https:\/\/www.pocketjazztrio.com\/wp-content\/uploads\/2022\/11\/Andreas_Kunert_1-1066x1600.jpg 1066w, https:\/\/www.pocketjazztrio.com\/wp-content\/uploads\/2022\/11\/Andreas_Kunert_1-768x1153.jpg 768w, https:\/\/www.pocketjazztrio.com\/wp-content\/uploads\/2022\/11\/Andreas_Kunert_1-1023x1536.jpg 1023w\" sizes=\"(max-width: 1332px) 100vw, 1332px\" \/>\n<img src=\"https:\/\/www.pocketjazztrio.com\/wp-content\/uploads\/2022\/11\/Daniel_Schwarzwald_1.jpg\" title=\"Daniel Schwarzwald\" alt=\"Daniel Schwarzwald\" srcset=\"https:\/\/www.pocketjazztrio.com\/wp-content\/uploads\/2022\/11\/Daniel_Schwarzwald_1.jpg 1328w, https:\/\/www.pocketjazztrio.com\/wp-content\/uploads\/2022\/11\/Daniel_Schwarzwald_1-199x300.jpg 199w, https:\/\/www.pocketjazztrio.com\/wp-content\/uploads\/2022\/11\/Daniel_Schwarzwald_1-1062x1600.jpg 1062w, https:\/\/www.pocketjazztrio.com\/wp-content\/uploads\/2022\/11\/Daniel_Schwarzwald_1-768x1157.jpg 768w, https:\/\/www.pocketjazztrio.com\/wp-content\/uploads\/2022\/11\/Daniel_Schwarzwald_1-1020x1536.jpg 1020w\" sizes=\"(max-width: 1328px) 100vw, 1328px\" \/>\n<h3>Daniel Schwarzwald\u00a0 |\u00a0 Piano<\/h3>\n<p>Israelischer Pianist und Komponist. Daniel studierte zun\u00e4chst klassisches Klavier und Komposition an der \"Jerusalem Academy of Music &amp; Dance\", fand aber bei Omri Mor, Itai Rosenbaum, Slava Ganelin und Shoshana Cohen schon bald seinen Weg in den Jazz. Im multikulturellen Berlin nahm er verschiedene Solo- und Duoalben \"My Journey to Venus\" und \"First Meeting\" (mit Julia Bilat, Cello) auf und lernte Andreas auf einer Jam Session kennen. Er tourte mit ihm in der Band \"fabula\", bestritt Konzerte in Clubs und bei Jazz Festivals in ganz Europa und u.a. USA, Israel, S\u00fcdkorea, Dominikanische Republik.<\/p> <p>In Daniel erwachen Einfl\u00fcsse aus Jazz und Swing, zusammen mit Weltmusik und Tango, j\u00fcdischer Tanzmusik zum Leben in einer ganz eigenen, unverwechselbaren Sprache seines emotionalen Spiels und seiner vielschichtigen Komposition. Er beherrscht jedes Swingklischee und \u00fcberrascht sein Publikum stets aufs neue, immer mit einem L\u00e4cheln auf dem Lippen...<\/p>\nMehr Informationen \u00fcber Daniel Schwarzwald: <a href=\"https:\/\/www.danielschwarzwald.com\/\">www.danielschwarzwald.com<\/a>\n<h3>Roz Macdonald\u00a0 |\u00a0 Kontrabass<\/h3>\n<p>Schottische Kontrabassistin. Sie studierte am Leeds College of Music, wo sie das Yamaha Jazz Stipendium f\u00fcr musikalische Exzellenz erhielt. Seitdem erhielt sie die Gelegenheit, mit Jazz-Ber\u00fchmtheiten wie Scott Hamilton, Bruce Barth, Perico Sambeat und Ren\u00e9 Marie zu arbeiten. In Berlin lebend, ist sie in der Berliner Jazz-Szene heimisch geworden und spielt, komponiert und lehrt als Side-Woman und mit eigenen Projekten.<\/p> <p>Ihr warmes, ideenreiches und zugleich routiniertes und kompromisslos swingendes Spiel ist in der Jazzlandschaft eine echte Ausnahme. Durch ihre geschmackvolle Improvisation voller Spannung und \u00dcberraschung bietet sie ihrem Publikum immer ein unvergessliches H\u00f6rerlebnis.<\/p>\nMehr Informationen \u00fcber Roz Macdonald: <a href=\"https:\/\/www.rozmacdonaldmusic.com\/\">www.rozmacdonaldmusic.com<\/a>\n<img src=\"https:\/\/www.pocketjazztrio.com\/wp-content\/uploads\/2022\/11\/Roz_Macdonald_1.jpg\" title=\"Roz Macdonald\" alt=\"Roz Macdonald\" srcset=\"https:\/\/www.pocketjazztrio.com\/wp-content\/uploads\/2022\/11\/Roz_Macdonald_1.jpg 1329w, https:\/\/www.pocketjazztrio.com\/wp-content\/uploads\/2022\/11\/Roz_Macdonald_1-199x300.jpg 199w, https:\/\/www.pocketjazztrio.com\/wp-content\/uploads\/2022\/11\/Roz_Macdonald_1-1063x1600.jpg 1063w, https:\/\/www.pocketjazztrio.com\/wp-content\/uploads\/2022\/11\/Roz_Macdonald_1-768x1156.jpg 768w, https:\/\/www.pocketjazztrio.com\/wp-content\/uploads\/2022\/11\/Roz_Macdonald_1-1021x1536.jpg 1021w\" sizes=\"(max-width: 1329px) 100vw, 1329px\" \/>\n<h3>Ihnen gef\u00e4llt, was Sie von der Band geh\u00f6rt und gesehen haben und Sie haben Interesse an einer Buchung?<\/h3>\n<p>Wunderbar. Dann fragen Sie die Band jetzt ganz unverbindlich nach einem Angebot an und teilen Sie uns mit, was Sie sich f\u00fcr Ihre Veranstaltung w\u00fcnschen und das POCKET JAZZ TRIO wird auch Sie und Ihr Publikum verzaubern!<\/p>\n<a href=\"https:\/\/www.pocketjazztrio.com\/kontakt\" > Sprechen Sie uns an! <\/a>\n<h2>Some of our Friends...<br\/>Four... five... six...!!!<\/h2>\n<img src=\"https:\/\/www.pocketjazztrio.com\/wp-content\/uploads\/2022\/11\/Marithe_Van_der_Aa_1.jpg\" title=\"Marithe Van der Aa\" alt=\"Marithe Van der Aa\" srcset=\"https:\/\/www.pocketjazztrio.com\/wp-content\/uploads\/2022\/11\/Marithe_Van_der_Aa_1.jpg 1500w, https:\/\/www.pocketjazztrio.com\/wp-content\/uploads\/2022\/11\/Marithe_Van_der_Aa_1-300x216.jpg 300w, https:\/\/www.pocketjazztrio.com\/wp-content\/uploads\/2022\/11\/Marithe_Van_der_Aa_1-768x553.jpg 768w\" sizes=\"(max-width: 1500px) 100vw, 1500px\" \/>\n<h3>Marith\u00e9 Van der Aa\u00a0 |\u00a0 Gesang<\/h3>\n<p>Fl\u00e4mische Jazzs\u00e4ngerin. Sie studierte bei Judy Niemack und Greg Cohen am Jazz Institut Berlin, woraufhin sie ihren Mastertitel in Musikwissenschaften (musicology) an der Universit\u00e4t Oxford absolvierte. Nachdem sie ein Jahr lang f\u00fcr BBC Radio 3 in London arbeitete, singt sie in den verschiedensten Settings und Projekten und ist gleichzeitig Mentorin f\u00fcr aufstrebende Musikstudenten, die sie durch ihre Aufnahmepr\u00fcfung am Konservatorium begleitet.<\/p> <p>Die, die Marith\u00e9 singen geh\u00f6rt haben, beschrieben ihre Stimme gerne als \"fl\u00fcssiges Gold\" und \"so, als ob man vom lange verlorenen Liebsten umarmt wird\". Mit ihrem gro\u00dfen Stimmumfang schafft sie es stets aufs Neue, das Publikum in ihren Bann zu ziehen. Marith\u00e9 und die Bandmitglieder vereint eine lange gemeinsame Geschichte in Berlin und zahlreiche Touren durch Europa und Wettbewerbe zusammen als Band \"fabula\".\u00a0 \u00a0<\/p>\nMehr Informationen \u00fcber Marith\u00e9 Van der Aa: <a href=\"http:\/\/marithevanderaa.com\/\">www.marithevanderaa.com<\/a>\n<img src=\"https:\/\/www.pocketjazztrio.com\/wp-content\/uploads\/2022\/11\/Gabriel_Rosenbach_1.jpg\" title=\"Gabriel Rosenbach\" alt=\"Gabriel Rosenbach\" srcset=\"https:\/\/www.pocketjazztrio.com\/wp-content\/uploads\/2022\/11\/Gabriel_Rosenbach_1.jpg 1140w, https:\/\/www.pocketjazztrio.com\/wp-content\/uploads\/2022\/11\/Gabriel_Rosenbach_1-300x220.jpg 300w, https:\/\/www.pocketjazztrio.com\/wp-content\/uploads\/2022\/11\/Gabriel_Rosenbach_1-768x563.jpg 768w\" sizes=\"(max-width: 1140px) 100vw, 1140px\" \/>\n<h3>Gabriel Rosenbach\u00a0 |\u00a0 Trompete<\/h3>\n<p>Berliner Jazztrompeter und Fl\u00fcgelhornist. Er studierte bei Sebastian Studnitzky in Dresden und Axel Schlosser in Mainz. Gabriel ist viel unterwegs, im w\u00f6rtlichen Sinne als auch stilistisch. Scheinbar m\u00fchelos spielt er am einen Abend atmosph\u00e4rischen Modern Jazz mit dem Hans Anselm Quintett, am n\u00e4chsten Abend Afro-Dub-Funk in der Bl\u00e4sersection der Band \"WANUBAL\u00c9\", bevor schlie\u00dflich freie Big Band-Musik mit der Pascal Klewer Big Band im Kalender steht. Im POCKET JAZZ TRIO &amp; friends kommt er nach Hause... zum zeitlosen Classic Jazz. Und das sp\u00fcrt man.<br><\/p> <p>Gabriel ist wandlungsf\u00e4hig wie sonst nur wenige Musiker und schafft es immer wieder, sich in den speziellen Charakter jeder Musik hineinzuf\u00fchlen, noch dazu auf seine ganz eigene Weise. Sein Gesp\u00fcr f\u00fcr Timing und Phrasierung und seine Intuition, im richtigen Moment mit der richtigen Intensit\u00e4t und Klangfarbe da zu sein, erzeugen eine Magie, der sich das Publikum nur schwer entziehen kann.<br><\/p>\n","_links":{"self":[{"href":"https:\/\/www.pocketjazztrio.com\/en\/wp-json\/wp\/v2\/pages\/89","targetHints":{"allow":["GET"]}}],"collection":[{"href":"https:\/\/www.pocketjazztrio.com\/en\/wp-json\/wp\/v2\/pages"}],"about":[{"href":"https:\/\/www.pocketjazztrio.com\/en\/wp-json\/wp\/v2\/types\/page"}],"author":[{"embeddable":true,"href":"https:\/\/www.pocketjazztrio.com\/en\/wp-json\/wp\/v2\/users\/2"}],"replies":[{"embeddable":true,"href":"https:\/\/www.pocketjazztrio.com\/en\/wp-json\/wp\/v2\/comments?post=89"}],"version-history":[{"count":38,"href":"https:\/\/www.pocketjazztrio.com\/en\/wp-json\/wp\/v2\/pages\/89\/revisions"}],"predecessor-version":[{"id":791,"href":"https:\/\/www.pocketjazztrio.com\/en\/wp-json\/wp\/v2\/pages\/89\/revisions\/791"}],"wp:attachment":[{"href":"https:\/\/www.pocketjazztrio.com\/en\/wp-json\/wp\/v2\/media?parent=89"}],"curies":[{"name":"wp","href":"https:\/\/api.w.org\/{rel}","templated":true}]}}